{"id":11934,"date":"2023-11-30T20:17:41","date_gmt":"2023-11-30T20:17:41","guid":{"rendered":"https:\/\/www.fws.ch\/datenschutzerklaerung\/"},"modified":"2024-03-12T21:10:53","modified_gmt":"2024-03-12T21:10:53","slug":"protection-des-donnees","status":"publish","type":"page","link":"https:\/\/www.fws.ch\/fr\/protection-des-donnees\/","title":{"rendered":"Politique de confidentialit\u00e9"},"content":{"rendered":"\n<p>Groupement professionnel suisse pour les pompes \u00e0 chaleur GSP<br>Steinerstrasse 37<br>3006 Berne<br>Suisse<br><strong>E-mail<\/strong>: <a href=\"mailto:info@fws.ch\">info@fws.ch<\/a><br><br><\/p>\n\n\n\n<p><strong>Personnes habilit\u00e9es \u00e0 repr\u00e9senter<\/strong><br>En vertu des statuts<br><br><strong>Nom de la soci\u00e9t\u00e9\u00a0:<\/strong> Groupement professionnel suisse pour les pompes \u00e0 chaleur (GSP)<br><br><strong>Personne de contact pour les questions relatives \u00e0 la protection des donn\u00e9es (responsable de la protection des donn\u00e9es)\u00a0:<\/strong><br>M.\u00a0Mathias Friedli<br>031 350 40 65<br><a href=\"mailto:mathias.friedli@fws.ch\"><strong>mathias.friedli@fws.ch<\/strong><\/a><br><\/p>\n\n\n\n<p><strong><em>NB\u00a0: la d\u00e9signation d\u2019une fonction ou d\u2019une personne par le terme masculin<br>vaut \u00e9galement pour le sexe f\u00e9minin.<\/em><\/strong><br><\/p>\n\n\n\n<p><strong>G\u00e9n\u00e9ralit\u00e9s et introduction<\/strong><\/p>\n\n\n\n<p>En vertu de l\u2019article&nbsp;13 de la Constitution f\u00e9d\u00e9rale suisse et des dispositions f\u00e9d\u00e9rales relatives<br>\u00e0 la protection des donn\u00e9es (loi sur la protection des donn\u00e9es, LPD), toute personne a droit \u00e0 la protection de sa sph\u00e8re priv\u00e9e ainsi qu\u2019\u00e0 la protection contre l\u2019utilisation abusive de ses donn\u00e9es personnelles. Les administrateurs de ce site prennent la protection de vos donn\u00e9es personnelles tr\u00e8s au s\u00e9rieux. Nous traitons les donn\u00e9es personnelles de mani\u00e8re confidentielle et conform\u00e9\u00adment aux dispositions l\u00e9gales applicables en mati\u00e8re de protection des donn\u00e9es et \u00e0 la pr\u00e9sente politique de confidentialit\u00e9.<\/p>\n\n\n\n<p>En collaboration avec nos fournisseurs d\u2019h\u00e9bergement, nous nous effor\u00e7ons de prot\u00e9ger autant que possible les bases de donn\u00e9es contre tout acc\u00e8s non autoris\u00e9, toute perte, tout abus ou toute falsification.<\/p>\n\n\n\n<p>Nous attirons votre attention sur le fait que la transmission de donn\u00e9es en ligne (par&nbsp;ex. lors de<br>la communication par e-mail) peut pr\u00e9senter des failles de s\u00e9curit\u00e9. Une protection totale des donn\u00e9es contre l\u2019acc\u00e8s par des tiers n\u2019est pas possible.<\/p>\n\n\n\n<p>La pr\u00e9sente politique de confidentialit\u00e9 s\u2019applique \u00e0 votre utilisation des sites, des applications mobiles, \u00e0 vos interactions lors d\u2019\u00e9v\u00e9nements et hors ligne lors d\u2019autres activit\u00e9s de vente et de marketing de GSP et de son personnel.<\/p>\n\n\n\n<p>En naviguant sur ce site, vous acceptez la collecte, le traitement et l\u2019utilisation des donn\u00e9es conform\u00e9ment \u00e0 la description ci-dessous. Ce site peut \u00eatre visit\u00e9 sans qu\u2019une inscription soit n\u00e9cessaire. Les donn\u00e9es telles que les pages consult\u00e9es ou les noms des fichiers appel\u00e9s, la date et l\u2019heure sont enregistr\u00e9es sur le serveur \u00e0 des fins statistiques, sans que ces donn\u00e9es soient directement li\u00e9es \u00e0 votre personne. Dans la mesure o\u00f9 des donn\u00e9es personnelles (notamment nom, adresse physique ou e-mail) sont collect\u00e9es sur nos pages, cela se fait toujours, dans la mesure du possible, sur une base volontaire. Ces donn\u00e9es ne seront pas transmises \u00e0 des tiers sans votre accord explicite.<\/p>\n\n\n\n<p><strong>Traitement des donn\u00e9es personnelles<\/strong><\/p>\n\n\n\n<p>Les donn\u00e9es personnelles regroupent toutes les informations qui se rapportent \u00e0 une personne identifi\u00e9e ou identifiable. Est concern\u00e9e toute personne au sujet de laquelle des donn\u00e9es person\u00adnelles sont trait\u00e9es. Le traitement comprend toute op\u00e9ration portant sur des donn\u00e9es personnelles, quels que soient les moyens et les proc\u00e9dures utilis\u00e9s, notamment l\u2019enregistrement, la communi\u00adcation, la collecte, l\u2019effacement, la conservation, la modification, la destruction et l\u2019utilisation de telles donn\u00e9es.<\/p>\n\n\n\n<p>Nous traitons les donn\u00e9es personnelles conform\u00e9ment \u00e0 la l\u00e9gislation suisse relative \u00e0 la protec\u00adtion des donn\u00e9es. Si et dans la mesure o\u00f9 le RGPD de l\u2019UE est applicable, nous traitons en outre les donn\u00e9es personnelles sur les bases juridiques suivantes en relation avec l\u2019art.&nbsp;6&nbsp;(1) du RGPD&nbsp;:<\/p>\n\n\n\n<ul class=\"wp-block-list\">\n<li>let.&nbsp;a) la personne concern\u00e9e a consenti au traitement de ses donn\u00e9es \u00e0 caract\u00e8re personnel pour une ou plusieurs finalit\u00e9s sp\u00e9cifiques&nbsp;;<\/li>\n\n\n\n<li>let.&nbsp;b) le traitement est n\u00e9cessaire \u00e0 l\u2019ex\u00e9cution d\u2019un contrat auquel la personne concern\u00e9e est partie ou \u00e0 l\u2019ex\u00e9cution de mesures pr\u00e9contractuelles prises \u00e0 la demande de celle-ci&nbsp;;<\/li>\n\n\n\n<li>let.&nbsp;c) le traitement est n\u00e9cessaire au respect d\u2019une obligation l\u00e9gale \u00e0 laquelle nous sommes soumis en vertu de la l\u00e9gislation en vigueur dans l\u2019UE ou de la l\u00e9gislation en vigueur dans un pays o\u00f9 le RDPG s\u2019applique en int\u00e9gralit\u00e9 ou en partie&nbsp;;<\/li>\n\n\n\n<li>let.&nbsp;d) le traitement est n\u00e9cessaire \u00e0 la sauvegarde des int\u00e9r\u00eats vitaux de la personne concern\u00e9e ou d\u2019une autre personne physique&nbsp;;<\/li>\n\n\n\n<li>let.&nbsp;f) le traitement est n\u00e9cessaire aux fins des int\u00e9r\u00eats l\u00e9gitimes poursuivis par nous-m\u00eames ou par un tiers, \u00e0 moins que ne pr\u00e9valent les int\u00e9r\u00eats ou les libert\u00e9s et droits fondamentaux de la personne concern\u00e9e qui exigent une protection des donn\u00e9es personnelles. Les int\u00e9r\u00eats l\u00e9gitimes comprennent notamment notre int\u00e9r\u00eat commercial \u00e0 pouvoir fournir notre site, la s\u00e9curit\u00e9 des informations, l\u2019application de nos propres droits juridiques et le respect du droit suisse.<\/li>\n<\/ul>\n\n\n\n<p>Nous traitons les donn\u00e9es personnelles pendant la dur\u00e9e n\u00e9cessaire \u00e0 la ou aux finalit\u00e9(s) concern\u00e9e(s). En cas d\u2019obligation de conservation \u00e0 plus long terme en raison d\u2019obligations l\u00e9gales ou autres auxquelles nous sommes soumis, nous limitons le traitement en cons\u00e9quence.<\/p>\n\n\n\n<p><strong>Cookies<\/strong><\/p>\n\n\n\n<p>Ce site \u00e0 recours \u00e0 l\u2019utilisation de cookies. Il s\u2019agit de petits fichiers texte servant \u00e0 stocker des informations sp\u00e9cifiques \u00e0 l\u2019utilisateur sur son propre terminal lors de la navigation sur le site. Les cookies permettent notamment de d\u00e9terminer la fr\u00e9quence d\u2019utilisation et le nombre de visites par page, d\u2019analyser les mod\u00e8les de comportement de l\u2019utilisation des pages, mais aussi d\u2019adapter au mieux notre offre. Les cookies restent stock\u00e9s au-del\u00e0 de la fin d\u2019une session de navigation et peuvent \u00eatre r\u00e9cup\u00e9r\u00e9s lors d\u2019une nouvelle visite sur le site. Si vous souhaitez vous y opposer, vous devez configurer votre navigateur de sorte qu\u2019il refuse l\u2019enregistrement des cookies.<\/p>\n\n\n\n<p>Une opposition g\u00e9n\u00e9rale \u00e0 l\u2019utilisation de cookies \u00e0 des fins de marketing en ligne peut \u00eatre d\u00e9clar\u00e9e pour un grand nombre de services, en particulier pour le suivi, via le site am\u00e9ricain <a href=\"http:\/\/www.aboutads.info\/choices\/\" target=\"_blank\" rel=\"noreferrer noopener\">http:\/\/www.aboutads.info\/choices\/<\/a> ou le site de l\u2019UE <a href=\"http:\/\/www.youronlinechoices.com\/\" target=\"_blank\" rel=\"noreferrer noopener\">http:\/\/www.youronlinechoices.com<\/a>. En outre, l\u2019enregistrement des cookies peut \u00eatre obtenu en les d\u00e9sactivant dans les param\u00e8tres du navigateur. Auquel cas, veuillez noter qu\u2019il est possible que des fonctions li\u00e9es \u00e0 cette offre en ligne ne puissent pas \u00eatre utilis\u00e9es.<\/p>\n\n\n\n<p><strong>Chiffrement SSL\/TLS<\/strong><\/p>\n\n\n\n<p>Pour des raisons de s\u00e9curit\u00e9, ce site utilise un chiffrement SSL\/TLS afin de prot\u00e9ger la transmis\u00adsion de contenus confidentiels, tels que les demandes que vous envoyez \u00e0 l\u2019administrateur du site. Vous reconnaissez une connexion chiffr\u00e9e au fait que la barre d\u2019adresse du navigateur affiche <em>https:\/\/<\/em> au lieu de <em>http:\/\/<\/em> et gr\u00e2ce au symbole du cadenas qui appara\u00eet \u00e0 c\u00f4t\u00e9.<\/p>\n\n\n\n<p>Si le chiffrement SSL ou TLS est activ\u00e9, les donn\u00e9es que vous nous transmettez ne peuvent pas \u00eatre lues par des tiers.<\/p>\n\n\n\n<p><strong>Fichiers journaux du serveur<\/strong><\/p>\n\n\n\n<p>Le fournisseur de ce site collecte et enregistre automatiquement des informations dans ce que l\u2019on appelle des fichiers journaux du serveur, que votre navigateur nous transmet automatiquement. Il s\u2019agit&nbsp;:<\/p>\n\n\n\n<ul class=\"wp-block-list\">\n<li>du type et de la version du navigateur&nbsp;;<\/li>\n\n\n\n<li>du syst\u00e8me d\u2019exploitation utilis\u00e9&nbsp;;<\/li>\n\n\n\n<li>de l\u2019URL de r\u00e9f\u00e9rence&nbsp;;<\/li>\n\n\n\n<li>du nom d\u2019h\u00f4te de l\u2019ordinateur qui acc\u00e8de au site&nbsp;;<\/li>\n\n\n\n<li>de l\u2019heure de la requ\u00eate du serveur.<\/li>\n<\/ul>\n\n\n\n<p>Ces donn\u00e9es ne peuvent pas \u00eatre associ\u00e9es \u00e0 une personne en particulier. Nous ne proc\u00e9dons pas \u00e0 un recoupement de ces donn\u00e9es avec d\u2019autres sources. Nous nous r\u00e9servons le droit de v\u00e9rifier ces donn\u00e9es ult\u00e9rieurement si nous avons connaissance d\u2019indices concrets d\u2019une utilisation ill\u00e9gale.<\/p>\n\n\n\n<p><strong>Services de tiers<\/strong><\/p>\n\n\n\n<p>Ce site peut utiliser Google Maps pour l\u2019int\u00e9gration de cartes, Google Invisible reCAPTCHA pour la protection contre les robots et les spams et YouTube pour l\u2019int\u00e9gration de vid\u00e9os.<\/p>\n\n\n\n<p>Ces services de la soci\u00e9t\u00e9 am\u00e9ricaine Google&nbsp;LLC utilisent entre autres des cookies, ce qui per\u00admet de transmettre des donn\u00e9es \u00e0 Google aux \u00c9tats-Unis. Nous partons du principe qu\u2019aucun suivi personnel n\u2019a lieu dans ce contexte du seul fait de l\u2019utilisation de notre site.<\/p>\n\n\n\n<p>Google s\u2019est engag\u00e9 \u00e0 garantir une protection ad\u00e9quate des donn\u00e9es conform\u00e9ment au Privacy Shield am\u00e9ricano-europ\u00e9en et am\u00e9ricano-suisse.<\/p>\n\n\n\n<p>Pour plus d\u2019informations, veuillez consulter les <a href=\"https:\/\/policies.google.com\/privacy?hl=fr\" target=\"_blank\" rel=\"noreferrer noopener\">r\u00e8gles de confidentialit\u00e9 de Google<\/a>.<\/p>\n\n\n\n<p><strong>Formulaire de contact<\/strong><\/p>\n\n\n\n<p>Si vous nous faites parvenir des demandes par le biais du formulaire de contact, les informations que vous avez fournies dans ledit formulaire, y compris les donn\u00e9es de contact que vous y avez indiqu\u00e9es, sont enregistr\u00e9es chez nous \u00e0 des fins de traitement de la demande et pour une question de suivi. Nous ne transmettons pas ces donn\u00e9es sans votre consentement.<\/p>\n\n\n\n<p><strong>Newsletter<\/strong><\/p>\n\n\n\n<p>Si vous souhaitez recevoir la newsletter propos\u00e9e sur le site, nous aurons besoin d\u2019une adresse<br>e-mail ainsi que d\u2019informations nous permettant de v\u00e9rifier que l\u2019adresse e-mail indiqu\u00e9e est bien la v\u00f4tre et que vous acceptez de recevoir la newsletter. Aucune autre donn\u00e9e n\u2019est collect\u00e9e. Nous utilisons ces donn\u00e9es exclusivement pour l\u2019envoi des informations demand\u00e9es et ne les transmet\u00adtons pas \u00e0 des tiers.<\/p>\n\n\n\n<p>Apr\u00e8s avoir donn\u00e9 votre consentement \u00e0 l\u2019enregistrement des donn\u00e9es, de l\u2019adresse e-mail et<br>de son utilisation pour l\u2019envoi de la newsletter, vous pouvez le r\u00e9voquer \u00e0 tout moment, par exemple en cliquant sur le lien de d\u00e9sinscription dans la newsletter.<\/p>\n\n\n\n<p><strong>Droits de la personnes concern\u00e9e<\/strong><\/p>\n\n\n\n<p><em>Droit de confirmation<\/em><\/p>\n\n\n\n<p>Toute personne concern\u00e9e a le droit de demander \u00e0 l\u2019administrateur du site de confirmer si des donn\u00e9es personnelles la concernant sont trait\u00e9es. Si vous souhaitez exercer ce droit de confir\u00admation, vous pouvez vous adresser \u00e0 tout moment \u00e0 la personne responsable de la protection des donn\u00e9es.<\/p>\n\n\n\n<p><em>Droit \u00e0 l\u2019information<\/em><\/p>\n\n\n\n<p>Toute personne concern\u00e9e par le traitement de donn\u00e9es personnelles a le droit d\u2019obtenir \u00e0 tout moment et gratuitement de l\u2019administrateur du site des informations sur les donn\u00e9es enregistr\u00e9es \u00e0 son sujet ainsi qu\u2019une copie de ces informations. En outre, des informations peuvent \u00eatre fournies, le cas \u00e9ch\u00e9ant, sur les \u00e9l\u00e9ments suivants&nbsp;:<\/p>\n\n\n\n<ul class=\"wp-block-list\">\n<li>objectifs du traitement&nbsp;;<\/li>\n\n\n\n<li>cat\u00e9gories des donn\u00e9es personnelles trait\u00e9es&nbsp;;<\/li>\n\n\n\n<li>destinataires auxquels les donn\u00e9es personnelles ont \u00e9t\u00e9 ou seront transmises&nbsp;;<\/li>\n\n\n\n<li>si possible, la dur\u00e9e pr\u00e9vue de conservation des donn\u00e9es personnelles ou, si cela n\u2019est pas possible, les crit\u00e8res d\u00e9terminant cette dur\u00e9e&nbsp;;<\/li>\n\n\n\n<li>l\u2019existence d\u2019un droit de rectification ou d\u2019effacement des donn\u00e9es personnelles la concernant ou d\u2019un droit \u00e0 la limitation du traitement par la personne responsable du traitement ou d\u2019un droit d\u2019opposition \u00e0 un tel traitement&nbsp;;<\/li>\n\n\n\n<li>l\u2019existence d\u2019un droit de recours aupr\u00e8s d\u2019une autorit\u00e9 de surveillance&nbsp;;<\/li>\n\n\n\n<li>toutes les informations disponibles sur l\u2019origine des donn\u00e9es personnelles (lorsque celles-ci n\u2019ont pas \u00e9t\u00e9 collect\u00e9es aupr\u00e8s de la personne concern\u00e9e).<\/li>\n<\/ul>\n\n\n\n<p>En outre, la personne concern\u00e9e a le droit d\u2019\u00eatre inform\u00e9e si des donn\u00e9es personnelles ont \u00e9t\u00e9 transmises \u00e0 un pays tiers ou \u00e0 une organisation internationale. Si tel est le cas, la personne concern\u00e9e a le droit d\u2019obtenir des informations sur les garanties appropri\u00e9es en rapport avec le transfert. Si vous souhaitez exercer ce droit \u00e0 l\u2019information, vous pouvez vous adresser \u00e0 tout moment \u00e0 la personne responsable de la protection des donn\u00e9es.<\/p>\n\n\n\n<p><em>Droit de rectification<\/em><\/p>\n\n\n\n<p>Toute personne concern\u00e9e par le traitement de donn\u00e9es personnelles a le droit d\u2019obtenir sans d\u00e9lai la rectification des donn\u00e9es inexactes la concernant. En outre, la personne concern\u00e9e a le droit, compte tenu des finalit\u00e9s du traitement, de demander que les donn\u00e9es personnelles incompl\u00e8tes soient compl\u00e9t\u00e9es, y compris au moyen d\u2019une d\u00e9claration compl\u00e9mentaire. Si<br>vous souhaitez exercer ce droit de rectification, vous pouvez vous adresser \u00e0 tout moment \u00e0 la personne responsable de la protection des donn\u00e9es.<\/p>\n\n\n\n<p><em>Droit d\u2019effacement (droit \u00e0 l\u2019oubli)<\/em><\/p>\n\n\n\n<p>Toute personne concern\u00e9e par le traitement de donn\u00e9es personnelles a le droit d\u2019obtenir de la personne responsable du traitement de ce site l\u2019effacement imm\u00e9diat des donn\u00e9es personnelles la concernant, si l\u2019une des raisons suivantes s\u2019applique et si le traitement n\u2019est plus n\u00e9cessaire&nbsp;:<\/p>\n\n\n\n<ul class=\"wp-block-list\">\n<li>les donn\u00e9es personnelles ont \u00e9t\u00e9 collect\u00e9es ou trait\u00e9es d\u2019une autre mani\u00e8re \u00e0 des fins pour lesquelles elles ne sont plus n\u00e9cessaires&nbsp;;<\/li>\n\n\n\n<li>la personne concern\u00e9e retire le consentement sur lequel \u00e9tait fond\u00e9 le traitement et il n\u2019existe pas d\u2019autre base juridique pour le traitement&nbsp;;<\/li>\n\n\n\n<li>la personne concern\u00e9e s\u2019oppose au traitement pour des raisons tenant \u00e0 sa situation particuli\u00e8re et il n\u2019existe pas de motif l\u00e9gitime pr\u00e9pond\u00e9rant pour le traitement, ou la personne concern\u00e9e s\u2019oppose au traitement en cas de publicit\u00e9 directe et de profilage&nbsp;;<\/li>\n\n\n\n<li>les donn\u00e9es personnelles ont \u00e9t\u00e9 trait\u00e9es de mani\u00e8re ill\u00e9gale&nbsp;;<\/li>\n\n\n\n<li>l\u2019effacement des donn\u00e9es personnelles est n\u00e9cessaire pour respecter une obligation l\u00e9gale d\u00e9coulant du droit de l\u2019Union ou des \u00c9tats membres auquel le responsable du traitement est soumis&nbsp;;<\/li>\n\n\n\n<li>les donn\u00e9es personnelles ont \u00e9t\u00e9 collect\u00e9es en rapport avec des services de la soci\u00e9t\u00e9 de l\u2019information propos\u00e9s et adress\u00e9s directement \u00e0 un enfant.<\/li>\n<\/ul>\n\n\n\n<p>Si l\u2019une des raisons susmentionn\u00e9es s\u2019applique et que vous souhaitez demander la suppression des donn\u00e9es personnelles enregistr\u00e9es par l\u2019administrateur de ce site, vous pouvez \u00e0 tout moment contacter la personne responsable de la protection des donn\u00e9es. Celle-ci veillera \u00e0 ce que la demande d\u2019effacement soit satisfaite sans d\u00e9lai.<\/p>\n\n\n\n<p><em>Droit de limitation du traitement<\/em><\/p>\n\n\n\n<p>Toute personne concern\u00e9e par le traitement de donn\u00e9es personnelles a le droit d\u2019obtenir de la personne responsable du traitement de ce site la limitation du traitement si l\u2019une des conditions suivantes est remplie&nbsp;:<\/p>\n\n\n\n<ul class=\"wp-block-list\">\n<li>l\u2019exactitude des donn\u00e9es personnelles est contest\u00e9e par la personne concern\u00e9e pendant une p\u00e9riode permettant \u00e0 la personne responsable du traitement de v\u00e9rifier l\u2019exactitude de ces donn\u00e9es&nbsp;;<\/li>\n\n\n\n<li>le traitement est illicite, la personne concern\u00e9e s\u2019oppose \u00e0 l\u2019effacement des donn\u00e9es personnelles et demande \u00e0 la place la limitation du traitement de ces donn\u00e9es&nbsp;;<\/li>\n\n\n\n<li>la personne responsable du traitement n\u2019a plus besoin des donn\u00e9es personnelles aux fins du traitement, mais la personne concern\u00e9e en a besoin pour faire valoir ses droits&nbsp;;<\/li>\n\n\n\n<li>la personne concern\u00e9e s\u2019est oppos\u00e9e au traitement pour des raisons tenant \u00e0 sa situation particuli\u00e8re et il n\u2019est pas encore \u00e9tabli que les int\u00e9r\u00eats l\u00e9gitimes de la personne responsable du traitement pr\u00e9valent sur ceux de la personne concern\u00e9e.<\/li>\n<\/ul>\n\n\n\n<p>Si l\u2019une des conditions ci-dessus est remplie, vous pouvez \u00e0 tout moment vous adresser \u00e0 la personne responsable de la protection des donn\u00e9es pour demander la limitation du traitement des donn\u00e9es personnelles par l\u2019administrateur du site. La personne responsable de la protection des donn\u00e9es de ce site fera en sorte de limiter le traitement.<\/p>\n\n\n\n<p><em>Droit \u00e0 la portabilit\u00e9 des donn\u00e9es<\/em><\/p>\n\n\n\n<p>Toute personne concern\u00e9e par le traitement de donn\u00e9es personnelles a le droit de recevoir les donn\u00e9es personnelles la concernant dans un format structur\u00e9, couramment utilis\u00e9 et lisible par machine. En outre, la personne concern\u00e9e a le droit d\u2019obtenir que ses donn\u00e9es personnelles soient transmises directement d\u2019une personne responsable \u00e0 une autre, lorsque cela est technique\u00adment possible et que cela ne porte pas atteinte aux droits et libert\u00e9s d\u2019autres personnes. Pour faire valoir votre droit \u00e0 la portabilit\u00e9 de vos donn\u00e9es, vous pouvez vous adresser \u00e0 tout moment \u00e0 la personne responsable de la protection des donn\u00e9es d\u00e9sign\u00e9e par l\u2019administrateur de ce site.<em><br><\/em><\/p>\n\n\n\n<p><em>Droit d\u2019opposition<\/em><\/p>\n\n\n\n<p>Toute personne concern\u00e9e par le traitement de donn\u00e9es personnelles a le droit de s\u2019opposer \u00e0 tout moment, pour des raisons tenant \u00e0 sa situation particuli\u00e8re, au traitement des donn\u00e9es personnelles la concernant.<\/p>\n\n\n\n<p>L\u2019administrateur de ce site ne traitera plus les donn\u00e9es personnelles en cas d\u2019opposition, \u00e0 moins que des raisons imp\u00e9rieuses et l\u00e9gitimes subsistent pour le traitement qui pr\u00e9valent sur les int\u00e9\u00adr\u00eats, les droits et les libert\u00e9s de la personne concern\u00e9e, ou que le traitement serve \u00e0 faire valoir, \u00e0 exercer ou \u00e0 d\u00e9fendre des droits l\u00e9gaux. Pour faire usage de votre droit d\u2019opposition, vous pouvez vous adresser directement \u00e0 la personne responsable de la protection des donn\u00e9es de ce site.<\/p>\n\n\n\n<p><em>Droit de r\u00e9voquer un consentement en mati\u00e8re de protection des donn\u00e9es<\/em><\/p>\n\n\n\n<p>Toute personne concern\u00e9e par le traitement de donn\u00e9es personnelles a le droit de r\u00e9voquer \u00e0 tout moment le consentement qu\u2019elle a donn\u00e9 au traitement de ces donn\u00e9es. Si vous souhaitez exercer ce droit de r\u00e9vocation d\u2019un consentement, vous pouvez vous adresser \u00e0 tout moment \u00e0 la personne responsable de la protection des donn\u00e9es.<\/p>\n\n\n\n<p><strong>Google reCAPTCHA<\/strong><\/p>\n\n\n\n<p>Ce site utilise le service reCAPTCHA de <em>Google Ireland Limited (Gordon House, Barrow Street Dublin&nbsp;4, Irlande, \u00ab&nbsp;Google&nbsp;\u00bb).<\/em> La requ\u00eate sert \u00e0 distinguer si la saisie est effectu\u00e9e par un \u00eatre humain ou par un traitement automatis\u00e9. La requ\u00eate implique la transmission \u00e0 Google de l\u2019adresse&nbsp;IP et, le cas \u00e9ch\u00e9ant, d\u2019autres donn\u00e9es requises par Google pour le service reCAPTCHA. \u00c0 cette fin, votre saisie est transmise \u00e0 Google qui l\u2019utilisera. Toutefois, votre adresse&nbsp;IP sera pr\u00e9alablement raccourcie par Google dans les \u00c9tats membres de l\u2019Union europ\u00e9enne ou dans d\u2019autres \u00c9tats membres de l\u2019Espace \u00e9conomique europ\u00e9en. Ce n\u2019est que dans des cas exception\u00adnels que l\u2019adresse&nbsp;IP compl\u00e8te est transmise \u00e0 un serveur de Google aux \u00c9tats-Unis et y est raccourcie. Google utilisera ces informations pour le compte de l\u2019administrateur du site afin d\u2019\u00e9valuer votre utilisation de ce service. L\u2019adresse&nbsp;IP transmise par votre navigateur dans le cadre de reCAPTCHA ne sera pas recoup\u00e9e avec d\u2019autres donn\u00e9es de Google. Vos donn\u00e9es peuvent \u00e9galement \u00eatre transf\u00e9r\u00e9es vers les \u00c9tats-Unis. Pour les transferts de donn\u00e9es vers les \u00c9tats-Unis, il existe une d\u00e9cision d\u2019ad\u00e9quation de la Commission europ\u00e9enne, le \u00ab&nbsp;Privacy Shield&nbsp;\u00bb. Google participe au \u00ab&nbsp;Privacy Shield&nbsp;\u00bb et s\u2019est soumis \u00e0 ses exigences. En cliquant sur le bouton de validation, vous acceptez le traitement de vos donn\u00e9es.<\/p>\n\n\n\n<p>Pour plus d\u2019informations sur Google reCAPTCHA et ses r\u00e8gles de confidentialit\u00e9, consultez le site&nbsp;: <a href=\"https:\/\/policies.google.com\/privacy?hl=fr\" target=\"_blank\" rel=\"noreferrer noopener\">https:\/\/policies.google.com\/privacy?hl=fr<\/a><\/p>\n\n\n\n<p><strong>Google Analytics<\/strong><\/p>\n\n\n\n<p>Ce site utilise Google Analytics, un service d\u2019analyse web fourni par <em>Google Ireland Limited.<\/em> Si le responsable du traitement des donn\u00e9es sur ce site se trouve en dehors de l\u2019Espace \u00e9conomique europ\u00e9en ou de la Suisse, le traitement des donn\u00e9es de Google Analytics est effectu\u00e9 par <em>Google LLC. Google&nbsp;LLC<\/em> et <em>Google Ireland Limited<\/em> sont ci-apr\u00e8s d\u00e9nomm\u00e9s \u00ab&nbsp;Google&nbsp;\u00bb.<\/p>\n\n\n\n<p>Les statistiques obtenues nous permettent d\u2019am\u00e9liorer notre offre et de la rendre plus int\u00e9ressante pour vous. Ce site utilise \u00e9galement Google Analytics pour une analyse des flux de visites sur tous les appareils via un identifiant utilisateur. Si vous disposez d\u2019un compte Google, vous pouvez d\u00e9sactiver l\u2019analyse de votre utilisation sur plusieurs appareils dans les param\u00e8tres de ce compte, sous \u00ab&nbsp;Mes donn\u00e9es&nbsp;\u00bb, puis \u00ab&nbsp;Donn\u00e9es personnelles&nbsp;\u00bb.<\/p>\n\n\n\n<p>L\u2019adresse&nbsp;IP transmise par votre navigateur dans le cadre de Google Analytics ne sera pas recoup\u00e9e avec d\u2019autres donn\u00e9es de Google. Nous attirons votre attention sur le fait que, sur ce site, Google Analytics a \u00e9t\u00e9 compl\u00e9t\u00e9 par le code \u00ab&nbsp;_anonymizeIp()&nbsp;;&nbsp;\u00bb afin de garantir une saisie anonymis\u00e9e des adresses&nbsp;IP. Cela signifie que les adresses&nbsp;IP sont trait\u00e9es sous une forme raccourcie, de sorte qu\u2019elles ne puissent pas \u00eatre associ\u00e9es \u00e0 une personne sp\u00e9cifique. Si les donn\u00e9es collect\u00e9es \u00e0 votre sujet peuvent \u00eatre associ\u00e9es \u00e0 une personne, cela sera imm\u00e9diatement exclu et les donn\u00e9es personnelles seront imm\u00e9diatement supprim\u00e9es.<\/p>\n\n\n\n<p>Google Analytics utilise des cookies. Les informations g\u00e9n\u00e9r\u00e9es par le cookie concernant votre utilisation de ce site web sont g\u00e9n\u00e9ralement transf\u00e9r\u00e9es \u00e0 un serveur de Google aux \u00c9tats-Unis et y sont stock\u00e9es. Vous pouvez emp\u00eacher l\u2019enregistrement des cookies en param\u00e9trant votre navi\u00adgateur en cons\u00e9quence. Nous attirons toutefois votre attention sur le fait que, dans ce cas, vous ne pourrez peut-\u00eatre pas utiliser les fonctionnalit\u00e9s du site dans leur int\u00e9gralit\u00e9.<\/p>\n\n\n\n<p><strong>Google Fonts<\/strong><br>Ce site utilise des polices fournies par Google, permettant l\u2019affichage uniforme des polices. Lorsque vous consultez une page, votre navigateur charge les polices Google n\u00e9cessaires dans le cache du navigateur afin d\u2019afficher correctement les textes et les polices. Si votre navigateur ne prend pas en charge ces polices, une police par d\u00e9faut est utilis\u00e9e par votre ordinateur.<\/p>\n\n\n\n<p>Pour plus d\u2019informations sur Google Fonts, consultez la page <a href=\"https:\/\/developers.google.com\/fonts\/faq\" target=\"_blank\" rel=\"noreferrer noopener\">https:\/\/developers.google.com\/fonts\/faq<\/a> et les r\u00e8gles de confidentialit\u00e9 de Google sous&nbsp;: <a href=\"https:\/\/www.google.com\/policies\/privacy\/\" target=\"_blank\" rel=\"noreferrer noopener\">https:\/\/www.google.com\/policies\/privacy\/<\/a>.<\/p>\n\n\n\n<p><strong>Facebook (Meta)<\/strong><\/p>\n\n\n\n<p>Ce site utilise des fonctions de <em>Facebook&nbsp;Inc., 1601 S. California Ave, Palo Alto, CA&nbsp;94304, \u00c9tats-Unis.<\/em> Lorsque vous consultez nos pages contenant des plugins Facebook, une connexion est \u00e9tablie entre votre navigateur et les serveurs de Facebook. \u00c0 ce moment-l\u00e0, des donn\u00e9es sont d\u00e9j\u00e0 transmises \u00e0 Facebook. Si vous poss\u00e9dez un compte Facebook, ces donn\u00e9es peuvent y \u00eatre associ\u00e9es. Si vous ne souhaitez pas que ces donn\u00e9es soient associ\u00e9es \u00e0 votre compte Facebook, il faut vous d\u00e9connecter de Facebook avant de visiter notre site. Les interactions, notamment l\u2019utilisation d\u2019une fonction de commentaire ou le fait de cliquer sur un bouton \u00ab&nbsp;J\u2019aime&nbsp;\u00bb ou \u00ab&nbsp;Partager&nbsp;\u00bb, sont \u00e9galement transmises \u00e0 Facebook. Pour en savoir plus&nbsp;: <a href=\"https:\/\/fr-fr.facebook.com\/about\/privacy\">https:\/\/fr-fr.facebook.com\/about\/privacy<\/a>.<\/p>\n\n\n\n<p><strong>Instagram (Meta)<\/strong><\/p>\n\n\n\n<p>Des fonctions du service Instagram sont int\u00e9gr\u00e9es \u00e0 notre site. Ces fonctions sont propos\u00e9es par <em>Instagram&nbsp;Inc., 1601 Willow Road, Menlo Park, CA, 94025, \u00c9tats-Unis.<\/em> Si vous poss\u00e9dez un compte Instagram, vous pouvez lier le contenu de nos pages \u00e0 votre profil Instagram en cliquant sur le bouton Instagram. Instagram peut ainsi associer la visite de nos pages \u00e0 votre compte. Nous attirons votre attention sur le fait qu\u2019en tant que fournisseur des pages, nous n\u2019avons pas connaissance du contenu des donn\u00e9es transmises ni de leur utilisation par Instagram. Pour plus d\u2019informations, consultez la politique de confidentialit\u00e9 d\u2019Instagram&nbsp;: <a href=\"http:\/\/instagram.com\/about\/legal\/privacy\/\" target=\"_blank\" rel=\"noreferrer noopener\">http:\/\/instagram.com\/about\/legal\/privacy\/<\/a><\/p>\n\n\n\n<p><strong>LinkedIn<\/strong><\/p>\n\n\n\n<p>Dans le cadre de notre offre en ligne, nous utilisons les services marketing du r\u00e9seau social LinkedIn de <em>LinkedIn Ireland Unlimited Company, Wilton Plaza, Wilton Place, Dublin&nbsp;2, Irlande (\u00ab&nbsp;LinkedIn&nbsp;\u00bb)<\/em>. Pour plus d\u2019informations, consultez la politique de confidentialit\u00e9 de LinkedIn&nbsp;: <a href=\"https:\/\/www.linkedin.com\/legal\/privacy-policy?_l=fr_FR\" target=\"_blank\" rel=\"noreferrer noopener\">https:\/\/www.linkedin.com\/legal\/privacy-policy?_l=fr_FR<\/a><\/p>\n\n\n\n<p><strong>Prestataires de services de paiement externes<\/strong><\/p>\n\n\n\n<p>Ce site fait appel \u00e0 des prestataires de services de paiement externes, dont les plateformes per\u00admettent aux utilisateurs et \u00e0 nous-m\u00eames d\u2019effectuer des transactions de paiement. Dans le cadre de l\u2019ex\u00e9cution du contrat, nous faisons appel aux prestataires de services de paiement sur la base de l\u2019ordonnance suisse sur la protection des donn\u00e9es et, si n\u00e9cessaire, de l\u2019art.&nbsp;6, al.&nbsp;1, let.&nbsp;b du RGPD de l\u2019UE. En outre, nous faisons appel \u00e0 des prestataires de services de paiement externes sur la base de nos int\u00e9r\u00eats l\u00e9gitimes conform\u00e9ment \u00e0 l\u2019ordonnance suisse sur la protection des donn\u00e9es et, si n\u00e9cessaire, \u00e0 l\u2019art.&nbsp;6 al.&nbsp;1 let.&nbsp;f du RGPD de l\u2019UE, afin d\u2019offrir \u00e0 nos utilisateurs des possibilit\u00e9s de paiement efficaces et s\u00fbres.<\/p>\n\n\n\n<p>Les donn\u00e9es trait\u00e9es par les prestataires de services de paiement comprennent, entre autres, les donn\u00e9es de base, telles que le nom, l\u2019adresse et les donn\u00e9es bancaires (num\u00e9ros de compte ou de carte de cr\u00e9dit, mots de passe, num\u00e9ros TAN et sommes de contr\u00f4le) ainsi que les informations relatives au contrat, aux totaux et aux b\u00e9n\u00e9ficiaires. Ces informations sont n\u00e9cessaires pour effectuer les transactions. Toutefois, les donn\u00e9es saisies ne sont trait\u00e9es et stock\u00e9es que par les prestataires de services de paiement. En tant qu\u2019administrateurs, nous ne recevons aucune infor\u00admation sur le compte (bancaire) ou la carte de cr\u00e9dit, mais uniquement des informations pour confirmer (accepter) ou refuser le paiement. Dans certaines circonstances, les donn\u00e9es sont transmises par les prestataires de services de paiement \u00e0 des agences d\u2019\u00e9valuation du cr\u00e9dit. Cette transmission sert \u00e0 v\u00e9rifier l\u2019identit\u00e9 et la solvabilit\u00e9. \u00c0 cet \u00e9gard, nous renvoyons aux conditions g\u00e9n\u00e9rales et aux informations sur la protection des donn\u00e9es des prestataires de services de paiement.<\/p>\n\n\n\n<p>Les op\u00e9rations de paiement sont soumises aux conditions g\u00e9n\u00e9rales et \u00e0 la d\u00e9claration de confi\u00addentialit\u00e9 des prestataires de services de paiement concern\u00e9s, qui peuvent \u00eatre consult\u00e9es sur le site ou les applications de transaction correspondants. Nous y renvoyons \u00e9galement \u00e0 des fins d\u2019information compl\u00e9mentaire et d\u2019exercice des droits de r\u00e9vocation, d\u2019information et autres droits des personnes concern\u00e9es.<\/p>\n\n\n\n<p><strong>Envoi de la newsletter via CleverReach<\/strong><\/p>\n\n\n\n<p>L\u2019envoi de la newsletter est effectu\u00e9 par le prestataire de services d\u2019exp\u00e9dition CleverReach, une plateforme d\u2019envoi de newsletters du fournisseur <em>CleverReach GmbH &amp;&nbsp;Co. KG, Schafj\u00fcckenweg&nbsp;2, <\/em><em>Allemagne.<\/em> Vous pouvez consulter la politique de confidentialit\u00e9 du prestataire de services d\u2019envoi sur la page&nbsp;: <a href=\"https:\/\/www.cleverreach.com\/fr-de\/protection-des-donnees\/\" target=\"_blank\" rel=\"noreferrer noopener\">https:\/\/www.cleverreach.com\/fr-de\/protection-des-donnees\/<\/a>.<\/p>\n\n\n\n<p>Le prestataire de services d\u2019envoi peut utiliser les donn\u00e9es des destinataires sous forme anony\u00admis\u00e9e, ne permettant pas de les associer \u00e0 une personne en particulier, afin d\u2019optimiser ou d\u2019am\u00e9liorer ses propres services (par exemple pour optimiser techniquement l\u2019envoi et la pr\u00e9sentation des newsletters) ou \u00e0 des fins statistiques. Le prestataire de services d\u2019envoi n\u2019utilise toutefois pas les donn\u00e9es de nos destinataires de la newsletter pour les contacter lui-m\u00eame et ne les transmet non plus \u00e0 des tiers.<\/p>\n\n\n\n<p><strong>YouTube<\/strong><\/p>\n\n\n\n<p>Des fonctions du service YouTube sont int\u00e9gr\u00e9es \u00e0 notre site. YouTube est la propri\u00e9t\u00e9 de <em>Google Ireland Limited,<\/em> une soci\u00e9t\u00e9 de droit irlandais \u00e9tablie et exploit\u00e9e \u00e0 <em>Gordon House, Barrow Street, Dublin&nbsp;4, Irlande, <\/em>qui fournit ses services dans l\u2019Espace \u00e9conomique europ\u00e9en et en Suisse.<\/p>\n\n\n\n<p>Votre accord juridique avec YouTube est constitu\u00e9 des conditions que vous trouverez en cliquant sur le lien suivant&nbsp;: <a href=\"https:\/\/www.youtube.com\/static?gl=fr&amp;template=terms&amp;hl=fr\" target=\"_blank\" rel=\"noreferrer noopener\">https:\/\/www.youtube.com\/static?gl=fr&amp;template=terms&amp;hl=fr<\/a>. Les pr\u00e9sentes conditions constituent un accord juridiquement contraignant entre vous et YouTube concernant votre utilisation des services. Les r\u00e8gles de confidentialit\u00e9 de Google expliquent comment YouTube traite et prot\u00e8ge vos donn\u00e9es personnelles lorsque vous utilisez ce service&nbsp;: <a href=\"https:\/\/support.google.com\/youtube\/answer\/2801895?hl=fr\" target=\"_blank\" rel=\"noreferrer noopener\">https:\/\/support.google.com\/youtube\/answer\/2801895?hl=fr<\/a>.<\/p>\n\n\n\n<p><strong>Prestations selon les statuts<\/strong><\/p>\n\n\n\n<p>Nous traitons les donn\u00e9es de nos membres, sympathisants, personnes int\u00e9ress\u00e9es, clients ou autres personnes conform\u00e9ment aux dispositions l\u00e9gales de la Conf\u00e9d\u00e9ration suisse en mati\u00e8re de protection des donn\u00e9es (loi f\u00e9d\u00e9rale sur la protection des donn\u00e9es, LPD), dans la mesure o\u00f9 nous proposons des prestations contractuelles \u00e0 leur \u00e9gard, ou si nous agissons dans le cadre de rela\u00adtions commerciales existantes (par exemple vis-\u00e0-vis de membres), ou encore si nous sommes nous-m\u00eames destinataires de prestations et de services. Les donn\u00e9es trait\u00e9es dans ce contexte, leur nature, leur \u00e9tendue et leur finalit\u00e9 ainsi que la n\u00e9cessit\u00e9 de leur traitement d\u00e9coulent de la relation contractuelle sous-jacente. Cela comprend g\u00e9n\u00e9ralement les donn\u00e9es de base des person\u00adnes (par&nbsp;ex.&nbsp;: nom, adresse, etc.) ainsi que les donn\u00e9es de contact (par&nbsp;ex.&nbsp;: adresse e-mail, t\u00e9l\u00e9phone, etc.), les donn\u00e9es contractuelles (par&nbsp;ex.&nbsp;: services utilis\u00e9s, contenus et informations fournis, noms des personnes de contact) et, dans la mesure o\u00f9 nous proposons des services ou des produits payants, les donn\u00e9es de paiement (par&nbsp;ex.&nbsp;: coordonn\u00e9es bancaires, historique des paiements, etc.).<\/p>\n\n\n\n<p><strong>Droit d\u2019auteur<\/strong><\/p>\n\n\n\n<p>Les droits d\u2019auteur et tous les autres droits li\u00e9s aux contenus, images, photos ou autres fichiers du site appartiennent exclusivement \u00e0 l\u2019administrateur ou aux titulaires de droits nomm\u00e9ment cit\u00e9s. Pour la reproduction de tout fichier, il faut obtenir au pr\u00e9alable l\u2019autorisation \u00e9crite des d\u00e9tenteurs des droits d\u2019auteur.<\/p>\n\n\n\n<p>Toute personne qui copie, reproduit ou partage des contenus sans l\u2019autorisation des titulaires concern\u00e9s commet une infraction aux droits d\u2019auteur, peut \u00eatre punie et se voit, dans certaines circonstances, oblig\u00e9e \u00e0 verser des dommages et int\u00e9r\u00eats.<\/p>\n\n\n\n<p><strong>Exclusion de responsabilit\u00e9<\/strong><\/p>\n\n\n\n<p>Toutes les informations figurant sur notre site ont \u00e9t\u00e9 soigneusement v\u00e9rifi\u00e9es. Nous nous effor\u00ad\u00e7ons de veiller \u00e0 ce que les informations que nous mettons \u00e0 disposition soient \u00e0 jour, exactes et exhaustives. Toutefois, l\u2019apparition d\u2019erreurs ne peut pas \u00eatre totalement exclue, de sorte que nous ne pouvons pas garantir l\u2019exhaustivit\u00e9, l\u2019exactitude et l\u2019actualit\u00e9 des informations, m\u00eame de nature journalistique ou r\u00e9dactionnelle. Toute pr\u00e9tention en responsabilit\u00e9 se rapportant \u00e0 des dommages mat\u00e9riels ou immat\u00e9riels caus\u00e9s par l\u2019utilisation ou la non-utilisation des informations pr\u00e9sent\u00e9es ou par l\u2019utilisation d\u2019informations erron\u00e9es ou incompl\u00e8tes est exclue.<\/p>\n\n\n\n<p>L\u2019\u00e9diteur peut modifier ou supprimer des textes \u00e0 sa seule discr\u00e9tion et sans pr\u00e9avis et n\u2019est pas tenu de mettre \u00e0 jour le contenu du site. La navigation sur ce site ou l\u2019acc\u00e8s \u00e0 celui-ci se fait sous l\u2019enti\u00e8re responsabilit\u00e9 de la personne qui le visite. L\u2019\u00e9diteur, sa client\u00e8le ou ses partenaires ne sont pas responsables des dommages, ni directs, ni indirects, ni accidentels ou cons\u00e9cutifs, ni pr\u00e9tendument caus\u00e9s par la visite du site, et n\u2019assument par cons\u00e9quent aucune responsabilit\u00e9 pour de tels dommages.<\/p>\n\n\n\n<p>L\u2019\u00e9diteur d\u00e9cline \u00e9galement toute responsabilit\u00e9 ou obligation quant au contenu et \u00e0 la disponi\u00adbilit\u00e9 des sites tiers accessibles par des liens externes \u00e0 partir du pr\u00e9sent site. Seuls les admini\u00adstrateurs de ces sites sont responsables de leur contenu. L\u2019\u00e9diteur se distancie donc express\u00e9ment de tous les contenus \u00e9trangers qui pourraient \u00e9ventuellement relever du droit p\u00e9nal ou de la responsabilit\u00e9 civile ou qui seraient contraires aux bonnes m\u0153urs.<\/p>\n\n\n\n<p><strong>Opposition au marketing par e-mail<\/strong><\/p>\n\n\n\n<p>L\u2019utilisation des donn\u00e9es de contact publi\u00e9es dans le cadre de la pr\u00e9sente politique de confiden\u00adtialit\u00e9 pour l\u2019envoi de publicit\u00e9 et d\u2019informations non express\u00e9ment demand\u00e9es est interdite. L\u2019administrateur du site se r\u00e9serve express\u00e9ment le droit d\u2019engager des poursuites judiciaires en cas d\u2019envoi non sollicit\u00e9 d\u2019informations publicitaires, par exemple par le biais de spams.<\/p>\n\n\n\n<p><strong>Modifications<\/strong> Nous pouvons apporter des modifications \u00e0 cette politique de confidentialit\u00e9 \u00e0 tout moment et sans pr\u00e9avis. La version en vigueur publi\u00e9e sur notre site fait foi. Si la politique de confidentia\u00adlit\u00e9 fait partie d\u2019un accord conclu avec vous, nous vous informerons de toute mise \u00e0 jour par<br>e-mail ou par tout autre moyen appropri\u00e9.<\/p>\n","protected":false},"excerpt":{"rendered":"<p>Groupement professionnel suisse pour les pompes \u00e0 chaleur GSPSteinerstrasse 373006 BerneSuisseE-mail: info@fws.ch Personnes habilit\u00e9es \u00e0 repr\u00e9senterEn vertu des statuts Nom de la soci\u00e9t\u00e9\u00a0: Groupement professionnel suisse pour les pompes \u00e0 chaleur (GSP) Personne de contact pour les questions relatives \u00e0 la protection des donn\u00e9es (responsable de la protection des donn\u00e9es)\u00a0:M.\u00a0Mathias Friedli031 350 40 65mathias.friedli@fws.ch NB\u00a0:&#8230;<\/p>\n","protected":false},"author":5,"featured_media":0,"parent":0,"menu_order":0,"comment_status":"closed","ping_status":"closed","template":"","meta":{"footnotes":""},"class_list":["post-11934","page","type-page","status-publish","hentry"],"_links":{"self":[{"href":"https:\/\/www.fws.ch\/fr\/wp-json\/wp\/v2\/pages\/11934","targetHints":{"allow":["GET"]}}],"collection":[{"href":"https:\/\/www.fws.ch\/fr\/wp-json\/wp\/v2\/pages"}],"about":[{"href":"https:\/\/www.fws.ch\/fr\/wp-json\/wp\/v2\/types\/page"}],"author":[{"embeddable":true,"href":"https:\/\/www.fws.ch\/fr\/wp-json\/wp\/v2\/users\/5"}],"replies":[{"embeddable":true,"href":"https:\/\/www.fws.ch\/fr\/wp-json\/wp\/v2\/comments?post=11934"}],"version-history":[{"count":1,"href":"https:\/\/www.fws.ch\/fr\/wp-json\/wp\/v2\/pages\/11934\/revisions"}],"predecessor-version":[{"id":11936,"href":"https:\/\/www.fws.ch\/fr\/wp-json\/wp\/v2\/pages\/11934\/revisions\/11936"}],"wp:attachment":[{"href":"https:\/\/www.fws.ch\/fr\/wp-json\/wp\/v2\/media?parent=11934"}],"curies":[{"name":"wp","href":"https:\/\/api.w.org\/{rel}","templated":true}]}}